{"id":1410,"date":"2023-03-13T15:57:07","date_gmt":"2023-03-13T13:57:07","guid":{"rendered":"https:\/\/canalsoliva.com\/?page_id=1410"},"modified":"2023-03-21T13:29:15","modified_gmt":"2023-03-21T11:29:15","slug":"politica-de-privacitat","status":"publish","type":"page","link":"https:\/\/canalsoliva.com\/es\/politica-de-privacitat\/","title":{"rendered":"Pol\u00edtica de Privacidad"},"content":{"rendered":"<div class=\"fusion-fullwidth fullwidth-box fusion-builder-row-1 fusion-flex-container nonhundred-percent-fullwidth non-hundred-percent-height-scrolling\" style=\"--awb-border-radius-top-left:0px;--awb-border-radius-top-right:0px;--awb-border-radius-bottom-right:0px;--awb-border-radius-bottom-left:0px;--awb-flex-wrap:wrap;\" ><div class=\"fusion-builder-row fusion-row fusion-flex-align-items-flex-start fusion-flex-content-wrap\" style=\"max-width:1248px;margin-left: calc(-4% \/ 2 );margin-right: calc(-4% \/ 2 );\"><div class=\"fusion-layout-column fusion_builder_column fusion-builder-column-0 fusion_builder_column_1_1 1_1 fusion-flex-column\" style=\"--awb-bg-blend:overlay;--awb-bg-size:cover;--awb-width-large:100%;--awb-margin-top-large:0px;--awb-spacing-right-large:1.92%;--awb-margin-bottom-large:0px;--awb-spacing-left-large:1.92%;--awb-width-medium:100%;--awb-spacing-right-medium:1.92%;--awb-spacing-left-medium:1.92%;--awb-width-small:100%;--awb-spacing-right-small:1.92%;--awb-spacing-left-small:1.92%;\"><div class=\"fusion-column-wrapper fusion-flex-justify-content-flex-start fusion-content-layout-column\"><div class=\"fusion-text fusion-text-1\"><p>CANALS DE DISTRIBUCI\u00d3N OLIVA, S.L., informa los usuarios del sitio web sobre su pol\u00edtica respeto al tratamiento y protecci\u00f3n de los datos de car\u00e1cter personal de los usuarios y clientes.<\/p>\n<p>Y garantiza en todo momento el \u00edntegro y pleno cumplimiento de las obligaciones dispuestas por la normativa de protecci\u00f3n de datos y servicios de la sociedad de la informaci\u00f3n: Reglamento (UE) 2016\/679 del Parlamento Europeo y del Consejo, de 27 de abril de 2016, relativo a la protecci\u00f3n de las personas f\u00edsicas en cuanto al tratamiento de datos personales y a la libre circulaci\u00f3n de estos datos (RGPD), la normativa Ley Org\u00e1nica 3\/2018, de 5 de diciembre, de Protecci\u00f3n de Datos Personales y garant\u00eda de los derechos digitales (LOPDGDD) y la Ley 34\/2002, de 11 de julio, de Servicios de la Sociedad de la Informaci\u00f3n y del Comercio Electr\u00f3nico (LSSIce).<\/p>\n<p><strong>RESPONSABLE DEL TRATAMIENTO<\/strong><\/p>\n<p>CANALS DE DISTRIBUCI\u00d3N OLIVA, S.L.<\/p>\n<p>C.I.F.: B43359165<\/p>\n<p>Domicilio: AVDA. COMARQUES CATALANES, 41 B \u2013 43740 \u2013 MORA DE EBRO (TARRAGONA).<\/p>\n<p>Registro Mercantil de Tarragona, Tom 1207, Folio 205, Hoja 5368<\/p>\n<p>Tel\u00e9fono: 977400130<\/p>\n<p>Correo electr\u00f3nica: carlos@canalsoliva.com<\/p>\n<p><strong>FINALIDAD DEL TRATAMIENTO DE LOS DATOS<\/strong><\/p>\n<p>Los datos facilitados por el Usuario son utilizados por varias finalidades que se enumeran a continuaci\u00f3n:<\/p>\n<table width=\"730\">\n<tbody>\n<tr>\n<td width=\"363\"><strong>Finalidad del tratamiento <\/strong><\/td>\n<td width=\"366\"><strong>Base jur\u00eddica para el tratamiento<\/strong><\/td>\n<\/tr>\n<tr>\n<td width=\"363\">Gestionar las consultas planteadas a trav\u00e9s de los formularios web.<\/td>\n<td width=\"366\">Inter\u00e9s leg\u00edtimo de la Sociedad para atender los requerimientos de informaci\u00f3n a trav\u00e9s de la web.<\/p>\n<p>Consentimiento prestado de manera expr\u00e9s en el momento de recogida de los datos a trav\u00e9s de los formularios web.<\/td>\n<\/tr>\n<tr>\n<td width=\"363\">Env\u00edo de newsletters, comunicaciones comerciales y promociones.<\/td>\n<td width=\"366\">Consentimiento prestado de manera expr\u00e9s en el momento de recogida de los datos a trav\u00e9s de los formularios web.<\/td>\n<\/tr>\n<tr>\n<td width=\"363\">Gestionar las incidencias y el mantenimiento de la web.<\/td>\n<td width=\"366\">Inter\u00e9s leg\u00edtimo de la Sociedad.<\/td>\n<\/tr>\n<\/tbody>\n<\/table>\n<p><strong>PLAZO DE CONSERVACI\u00d3N DE LOS DATOS<\/strong><\/p>\n<table width=\"730\">\n<tbody>\n<tr>\n<td width=\"363\"><strong>Finalidad del tratamiento<\/strong><\/td>\n<td width=\"366\"><strong>Plazo de conservaci\u00f3n<\/strong><\/td>\n<\/tr>\n<tr>\n<td width=\"363\">Gestionar las consultas planteadas a trav\u00e9s de los formularios web.<\/td>\n<td width=\"366\">Trataremos tus datos durante el tiempo que sea necesario para atender tu solicitud o petici\u00f3n.<\/td>\n<\/tr>\n<tr>\n<td width=\"363\">Env\u00edo de newsletters, comunicaciones comerciales y promociones.<\/td>\n<td width=\"366\">Trataremos tus datos hasta que te des de baja.<\/td>\n<\/tr>\n<tr>\n<td width=\"363\">Gestionar las incidencias y el mantenimiento de la web.<\/td>\n<td width=\"366\">Trataremos sus datos durante el tiempo necesario para cumplir los plazos legales de prescripci\u00f3n que le resulten de aplicaci\u00f3n.<\/td>\n<\/tr>\n<\/tbody>\n<\/table>\n<p><strong>DESTINATARIOS DE DATOS<\/strong><\/p>\n<p>Para cumplir las finalidades indicadas en la presente Pol\u00edtica de Privacidad, es necesario que demos acceso a tus datos personales a terceras partes que nos apoyen en los servicios que te ofrezcamos (Encargados de Tratamiento).<\/p>\n<p>Los encargados de tratamiento para la ejecuci\u00f3n de un contrato o prestaci\u00f3n de un servicio al Responsable, siguiendo por eso sus instrucciones en todo momento y asegurando los mismos niveles de seguridad.<\/p>\n<p><strong>DERECHOS DE LOS USUARIOS<\/strong><\/p>\n<p>El usuario tiene derecho a:<\/p>\n<ul>\n<li>Solicitar el acceso a sus datos personales que se est\u00e1n tratando y recibir esta informaci\u00f3n por escrito por el medio solicitado.<\/li>\n<li>Solicitar la rectificaci\u00f3n de los datos personales inexactos o, si procede, solicitar su supresi\u00f3n cuando, entre otros motivos, los datos ya no sean necesarios para la finalidad por los cuales fueron recogidos.<\/li>\n<li>Solicitar la limitaci\u00f3n del tratamiento de sus datos.<\/li>\n<li>Oponerse al tratamiento de sus datos personales cuando proceda, en este caso se dejar\u00e1n de tratar sus datos excepto por motivos leg\u00edtimos.<\/li>\n<li>Derecho a la portabilidad de los datos. El interesado\/interesada tiene derecho a recibir los datos personales si han sido facilitadas en un formato estructurado, de uso com\u00fan y de lectura mec\u00e1nica, y a transmitirlas a otro responsable, si se cumplen los requisitos siguientes:<\/li>\n<\/ul>\n<ol>\n<li>El tratamiento se basa en el consentimiento o en un contrato.<\/li>\n<li>El tratamiento se hace por medios automatizados.<\/li>\n<\/ol>\n<ul>\n<li>Derecho a retirar el consentimiento prestado.<\/li>\n<li>Derecho a reclamar ante la Agencia Espa\u00f1ola de Protecci\u00f3n de Datos.<\/li>\n<\/ul>\n<p>El Usuario puede ejercitar los derechos anteriormente indicados a la direcci\u00f3n de correo postal o electr\u00f3nica del Responsable, acreditando su identidad con una copia escaneada de su DNI o documento equivalente, y especificando el derecho que desea ejercer.<\/p>\n<p><strong>PROCEDENCIA DE LOS DATOS <\/strong><\/p>\n<p>Los datos personales tienen que ser facilitadas por el propio interesado de forma absolutamente voluntaria. La carencia de algunos datos o la no respondida de preguntas que puedan formularse a la persona interesada en los procesos de registro o a trav\u00e9s de formularios electr\u00f3nicos, puede provocar la imposibilidad de acceso a determinados servicios para la prestaci\u00f3n de los cuales es imprescindible de disponer de estos datos de car\u00e1cter personal. En este caso, el Responsable del Tratamiento tiene que informar del car\u00e1cter obligatorio o necesario de facilitar los datos personales para el funcionamiento del servicio.<\/p>\n<p>El Responsable asegura la confidencialidad de sus datos personales y garantiza la seguridad de estos, adoptando las medidas necesarias para evitar su alteraci\u00f3n, p\u00e9rdida, tratamiento o acceso no autorizado.<\/p>\n<p><strong>INFORMACI\u00d3N FACILITADA POR EL INTERESADO\/INTERESADA<\/strong><\/p>\n<p>Los y las menores de 18 a\u00f1os no pueden ceder sus datos personales sin el previo consentimiento de su padre\/madre y\/o tutores legales.<\/p>\n<p>El interesado\/interesada introduciendo sus datos en los formularios de contacto o presentados en formularios de descarga, aceptan expresamente y de forma libre e inequ\u00edvoca que sus datos son necesarios para que el Responsable atienda su petici\u00f3n, y es voluntaria la inclusi\u00f3n de datos en los campos restantes.<\/p>\n<p>El interesado\/interesada garantiza que los datos personales facilitados al prestamista son veraces y se hace responsable de comunicar cualquier modificaci\u00f3n de estas.<\/p>\n<p>Todos los datos solicitados a trav\u00e9s del sitio web son necesarios para la prestaci\u00f3n de un servicio \u00f3ptimo al interesado\/interesada. En caso de que no sean facilitadas todos los datos, no se garantiza que la informaci\u00f3n y servicios que El responsable le facilite, sean completamente ajustados a sus necesidades.<\/p>\n<p><strong>MESURAS DE SEGURIDAD<\/strong><\/p>\n<p>Que en conformidad con el que disponen las normativas vigentes en materia de protecci\u00f3n de datos personales, El Responsable est\u00e1 cumpliendo con todas las disposiciones de las normativas RGPD y LOPDGDD para el tratamiento de los datos personales de su responsabilidad, y manifiestamente con los principios descritos en el art\u00edculo 5 del RGPD y en el art\u00edculo 4 de la LOPDGDD, por los cuales son tratados de manera l\u00edcita, leal y transparente en relaci\u00f3n con el interesado y adecuadas, pertinentes y limitados al que es necesario en relaci\u00f3n con los fines para los cuales son tratados.<\/p>\n<p>El responsable garantiza que ha implementado pol\u00edticas t\u00e9cnicas y organizativas apropiadas para aplicar las medidas de seguridad que establecen lo RGPD y la LOPDGDD para proteger los derechos y libertades del interesado\/interesada los ha comunicado la informaci\u00f3n adecuada para que puedan ejercerlos.<\/p>\n<p><strong>BRECHAS DE SEGURIDAD<\/strong><\/p>\n<p>El Responsable informar\u00e1 sobre cualquier brecha de seguridad que afecte la base de datos que utiliza este sitio web, o que afecte a cualquier de nuestros servicios de terceros, a todas y cada una de las personas, datos de los cuales puedan haber sido afectadas, y autoridades, dentro de las 72 horas siguientes a la detecci\u00f3n de la brecha.<\/p>\n<p><strong>LEGISLACI\u00d3N APLICABLE Y JURISDICCI\u00d3N<\/strong><\/p>\n<p>Se reserva la facultad de presentar las acciones civiles o penales que considere necesarias para la utilizaci\u00f3n indebida del Sitio web y Contenidos.<\/p>\n<p>La relaci\u00f3n entre el Usuario y el Responsable se regir\u00e1 por la normativa vigente y de aplicaci\u00f3n en el territorio espa\u00f1ol. En caso de surgir cualquier controversia en relaci\u00f3n con la interpretaci\u00f3n y\/o a la aplicaci\u00f3n, las partes someter\u00e1n sus conflictos a la jurisdicci\u00f3n.<\/p>\n<\/div><\/div><\/div><\/div><\/div>","protected":false},"excerpt":{"rendered":"","protected":false},"author":2,"featured_media":0,"parent":0,"menu_order":0,"comment_status":"closed","ping_status":"closed","template":"","meta":{"footnotes":""},"class_list":["post-1410","page","type-page","status-publish","hentry"],"yoast_head":"<!-- This site is optimized with the Yoast SEO plugin v23.0 - https:\/\/yoast.com\/wordpress\/plugins\/seo\/ -->\n<title>Politica de Privacitat - Canals de distribuci\u00f3 Oliva<\/title>\n<meta name=\"description\" content=\"CANALS DE DISTRIBUCI\u00d3 OLIVA, S.L., informa els usuaris del lloc web sobre la seva pol\u00edtica respecte al tractament i protecci\u00f3...\" \/>\n<meta name=\"robots\" content=\"index, follow, max-snippet:-1, max-image-preview:large, max-video-preview:-1\" \/>\n<link rel=\"canonical\" href=\"https:\/\/canalsoliva.com\/es\/politica-de-privacitat\/\" \/>\n<meta property=\"og:locale\" content=\"es_ES\" \/>\n<meta property=\"og:type\" content=\"article\" \/>\n<meta property=\"og:title\" content=\"Politica de Privacitat - Canals de distribuci\u00f3 Oliva\" \/>\n<meta property=\"og:description\" content=\"CANALS DE DISTRIBUCI\u00d3 OLIVA, S.L., informa els usuaris del lloc web sobre la seva pol\u00edtica respecte al tractament i protecci\u00f3...\" \/>\n<meta property=\"og:url\" content=\"https:\/\/canalsoliva.com\/es\/politica-de-privacitat\/\" \/>\n<meta property=\"og:site_name\" content=\"Canals de distribuci\u00f3 Oliva\" \/>\n<meta property=\"article:modified_time\" content=\"2023-03-21T11:29:15+00:00\" \/>\n<meta name=\"twitter:card\" content=\"summary_large_image\" \/>\n<meta name=\"twitter:label1\" content=\"Tiempo de lectura\" \/>\n\t<meta name=\"twitter:data1\" content=\"7 minutos\" \/>\n<script type=\"application\/ld+json\" class=\"yoast-schema-graph\">{\"@context\":\"https:\/\/schema.org\",\"@graph\":[{\"@type\":\"WebPage\",\"@id\":\"https:\/\/canalsoliva.com\/politica-de-privacitat\/\",\"url\":\"https:\/\/canalsoliva.com\/politica-de-privacitat\/\",\"name\":\"Politica de Privacitat - Canals de distribuci\u00f3 Oliva\",\"isPartOf\":{\"@id\":\"https:\/\/canalsoliva.com\/#website\"},\"datePublished\":\"2023-03-13T13:57:07+00:00\",\"dateModified\":\"2023-03-21T11:29:15+00:00\",\"description\":\"CANALS DE DISTRIBUCI\u00d3 OLIVA, S.L., informa els usuaris del lloc web sobre la seva pol\u00edtica respecte al tractament i protecci\u00f3...\",\"breadcrumb\":{\"@id\":\"https:\/\/canalsoliva.com\/politica-de-privacitat\/#breadcrumb\"},\"inLanguage\":\"es\",\"potentialAction\":[{\"@type\":\"ReadAction\",\"target\":[\"https:\/\/canalsoliva.com\/politica-de-privacitat\/\"]}]},{\"@type\":\"BreadcrumbList\",\"@id\":\"https:\/\/canalsoliva.com\/politica-de-privacitat\/#breadcrumb\",\"itemListElement\":[{\"@type\":\"ListItem\",\"position\":1,\"name\":\"Home\",\"item\":\"https:\/\/canalsoliva.com\/\"},{\"@type\":\"ListItem\",\"position\":2,\"name\":\"Politica de Privacitat\"}]},{\"@type\":\"WebSite\",\"@id\":\"https:\/\/canalsoliva.com\/#website\",\"url\":\"https:\/\/canalsoliva.com\/\",\"name\":\"Canals de distribuci\u00f3 Oliva\",\"description\":\"Lloc Oficial del supermercat i distribucions Oliva\",\"potentialAction\":[{\"@type\":\"SearchAction\",\"target\":{\"@type\":\"EntryPoint\",\"urlTemplate\":\"https:\/\/canalsoliva.com\/?s={search_term_string}\"},\"query-input\":\"required name=search_term_string\"}],\"inLanguage\":\"es\"}]}<\/script>\n<!-- \/ Yoast SEO plugin. -->","yoast_head_json":{"title":"Politica de Privacitat - Canals de distribuci\u00f3 Oliva","description":"CANALS DE DISTRIBUCI\u00d3 OLIVA, S.L., informa els usuaris del lloc web sobre la seva pol\u00edtica respecte al tractament i protecci\u00f3...","robots":{"index":"index","follow":"follow","max-snippet":"max-snippet:-1","max-image-preview":"max-image-preview:large","max-video-preview":"max-video-preview:-1"},"canonical":"https:\/\/canalsoliva.com\/es\/politica-de-privacitat\/","og_locale":"es_ES","og_type":"article","og_title":"Politica de Privacitat - Canals de distribuci\u00f3 Oliva","og_description":"CANALS DE DISTRIBUCI\u00d3 OLIVA, S.L., informa els usuaris del lloc web sobre la seva pol\u00edtica respecte al tractament i protecci\u00f3...","og_url":"https:\/\/canalsoliva.com\/es\/politica-de-privacitat\/","og_site_name":"Canals de distribuci\u00f3 Oliva","article_modified_time":"2023-03-21T11:29:15+00:00","twitter_card":"summary_large_image","twitter_misc":{"Tiempo de lectura":"7 minutos"},"schema":{"@context":"https:\/\/schema.org","@graph":[{"@type":"WebPage","@id":"https:\/\/canalsoliva.com\/politica-de-privacitat\/","url":"https:\/\/canalsoliva.com\/politica-de-privacitat\/","name":"Politica de Privacitat - Canals de distribuci\u00f3 Oliva","isPartOf":{"@id":"https:\/\/canalsoliva.com\/#website"},"datePublished":"2023-03-13T13:57:07+00:00","dateModified":"2023-03-21T11:29:15+00:00","description":"CANALS DE DISTRIBUCI\u00d3 OLIVA, S.L., informa els usuaris del lloc web sobre la seva pol\u00edtica respecte al tractament i protecci\u00f3...","breadcrumb":{"@id":"https:\/\/canalsoliva.com\/politica-de-privacitat\/#breadcrumb"},"inLanguage":"es","potentialAction":[{"@type":"ReadAction","target":["https:\/\/canalsoliva.com\/politica-de-privacitat\/"]}]},{"@type":"BreadcrumbList","@id":"https:\/\/canalsoliva.com\/politica-de-privacitat\/#breadcrumb","itemListElement":[{"@type":"ListItem","position":1,"name":"Home","item":"https:\/\/canalsoliva.com\/"},{"@type":"ListItem","position":2,"name":"Politica de Privacitat"}]},{"@type":"WebSite","@id":"https:\/\/canalsoliva.com\/#website","url":"https:\/\/canalsoliva.com\/","name":"Canals de distribuci\u00f3 Oliva","description":"Lloc Oficial del supermercat i distribucions Oliva","potentialAction":[{"@type":"SearchAction","target":{"@type":"EntryPoint","urlTemplate":"https:\/\/canalsoliva.com\/?s={search_term_string}"},"query-input":"required name=search_term_string"}],"inLanguage":"es"}]}},"_links":{"self":[{"href":"https:\/\/canalsoliva.com\/es\/wp-json\/wp\/v2\/pages\/1410","targetHints":{"allow":["GET"]}}],"collection":[{"href":"https:\/\/canalsoliva.com\/es\/wp-json\/wp\/v2\/pages"}],"about":[{"href":"https:\/\/canalsoliva.com\/es\/wp-json\/wp\/v2\/types\/page"}],"author":[{"embeddable":true,"href":"https:\/\/canalsoliva.com\/es\/wp-json\/wp\/v2\/users\/2"}],"replies":[{"embeddable":true,"href":"https:\/\/canalsoliva.com\/es\/wp-json\/wp\/v2\/comments?post=1410"}],"version-history":[{"count":5,"href":"https:\/\/canalsoliva.com\/es\/wp-json\/wp\/v2\/pages\/1410\/revisions"}],"predecessor-version":[{"id":2276,"href":"https:\/\/canalsoliva.com\/es\/wp-json\/wp\/v2\/pages\/1410\/revisions\/2276"}],"wp:attachment":[{"href":"https:\/\/canalsoliva.com\/es\/wp-json\/wp\/v2\/media?parent=1410"}],"curies":[{"name":"wp","href":"https:\/\/api.w.org\/{rel}","templated":true}]}}